{"id":92,"date":"2019-12-02T10:34:14","date_gmt":"2019-12-02T10:34:14","guid":{"rendered":"https:\/\/emlekpont.hu\/?page_id=92"},"modified":"2022-04-14T05:36:20","modified_gmt":"2022-04-14T05:36:20","slug":"aktualis","status":"publish","type":"page","link":"https:\/\/emlekpont.hu\/?page_id=92","title":{"rendered":"Aktu\u00e1lis"},"content":{"rendered":"\t\t<div data-elementor-type=\"wp-page\" data-elementor-id=\"92\" class=\"elementor elementor-92\" data-elementor-post-type=\"page\">\n\t\t\t\t\t\t<section class=\"elementor-section elementor-top-section elementor-element elementor-element-0c91683 elementor-section-boxed elementor-section-height-default elementor-section-height-default\" data-id=\"0c91683\" data-element_type=\"section\">\n\t\t\t\t\t\t<div class=\"elementor-container elementor-column-gap-default\">\n\t\t\t\t\t<div class=\"elementor-column elementor-col-100 elementor-top-column elementor-element elementor-element-f0a7538\" data-id=\"f0a7538\" data-element_type=\"column\">\n\t\t\t<div class=\"elementor-widget-wrap elementor-element-populated\">\n\t\t\t\t\t\t<div class=\"elementor-element elementor-element-3ebd378 elementor-grid-3 elementor-grid-tablet-2 elementor-grid-mobile-1 elementor-posts--thumbnail-top elementor-widget elementor-widget-posts\" data-id=\"3ebd378\" data-element_type=\"widget\" data-settings=\"{&quot;pagination_type&quot;:&quot;numbers_and_prev_next&quot;,&quot;classic_columns&quot;:&quot;3&quot;,&quot;classic_columns_tablet&quot;:&quot;2&quot;,&quot;classic_columns_mobile&quot;:&quot;1&quot;,&quot;classic_row_gap&quot;:{&quot;unit&quot;:&quot;px&quot;,&quot;size&quot;:35,&quot;sizes&quot;:[]},&quot;classic_row_gap_tablet&quot;:{&quot;unit&quot;:&quot;px&quot;,&quot;size&quot;:&quot;&quot;,&quot;sizes&quot;:[]},&quot;classic_row_gap_mobile&quot;:{&quot;unit&quot;:&quot;px&quot;,&quot;size&quot;:&quot;&quot;,&quot;sizes&quot;:[]}}\" data-widget_type=\"posts.classic\">\n\t\t\t\t<div class=\"elementor-widget-container\">\n\t\t\t\t\t<div class=\"elementor-posts-container elementor-posts elementor-posts--skin-classic elementor-grid\">\n\t\t\t\t<article class=\"elementor-post elementor-grid-item post-17509 post type-post status-publish format-standard has-post-thumbnail hentry category-hirek\">\n\t\t\t\t<a class=\"elementor-post__thumbnail__link\" href=\"https:\/\/emlekpont.hu\/?p=17509\" tabindex=\"-1\" >\n\t\t\t<div class=\"elementor-post__thumbnail\"><img decoding=\"async\" width=\"160\" height=\"138\" src=\"https:\/\/emlekpont.hu\/wp-content\/uploads\/2019\/12\/szt2_kicsi_160.png\" class=\"attachment-large size-large wp-image-287\" alt=\"\" \/><\/div>\n\t\t<\/a>\n\t\t\t\t<div class=\"elementor-post__text\">\n\t\t\t\t<h3 class=\"elementor-post__title\">\n\t\t\t<a href=\"https:\/\/emlekpont.hu\/?p=17509\" >\n\t\t\t\tSzigor\u00faan Titkos\t\t\t<\/a>\n\t\t<\/h3>\n\t\t\t\t<div class=\"elementor-post__meta-data\">\n\t\t\t\t\t<span class=\"elementor-post-date\">\n\t\t\t\u00e1prilis 28, 2026\t\t<\/span>\n\t\t\t\t<\/div>\n\t\t\t\t<div class=\"elementor-post__excerpt\">\n\t\t\t<p>Az SZT-tisztek kutat\u00e1si adatab\u00e1zisa<\/p>\n\t\t<\/div>\n\t\t\n\t\t<a class=\"elementor-post__read-more\" href=\"https:\/\/emlekpont.hu\/?p=17509\" aria-label=\"Read more about Szigor\u00faan Titkos\" tabindex=\"-1\" >\n\t\t\tB\u0151vebben \u00bb\t\t<\/a>\n\n\t\t\t\t<\/div>\n\t\t\t\t<\/article>\n\t\t\t\t<article class=\"elementor-post elementor-grid-item post-17435 post type-post status-publish format-standard has-post-thumbnail hentry category-hirek\">\n\t\t\t\t<a class=\"elementor-post__thumbnail__link\" href=\"https:\/\/emlekpont.hu\/?p=17435\" tabindex=\"-1\" >\n\t\t\t<div class=\"elementor-post__thumbnail\"><img fetchpriority=\"high\" decoding=\"async\" width=\"1024\" height=\"640\" src=\"https:\/\/emlekpont.hu\/wp-content\/uploads\/2025\/05\/20250507_Varosi_Tortenelemverseny_eredmenyhirdetes-EP_02-1024x640.jpg\" class=\"attachment-large size-large wp-image-17437\" alt=\"\" srcset=\"https:\/\/emlekpont.hu\/wp-content\/uploads\/2025\/05\/20250507_Varosi_Tortenelemverseny_eredmenyhirdetes-EP_02-1024x640.jpg 1024w, https:\/\/emlekpont.hu\/wp-content\/uploads\/2025\/05\/20250507_Varosi_Tortenelemverseny_eredmenyhirdetes-EP_02-300x188.jpg 300w, https:\/\/emlekpont.hu\/wp-content\/uploads\/2025\/05\/20250507_Varosi_Tortenelemverseny_eredmenyhirdetes-EP_02-768x480.jpg 768w, https:\/\/emlekpont.hu\/wp-content\/uploads\/2025\/05\/20250507_Varosi_Tortenelemverseny_eredmenyhirdetes-EP_02-1536x960.jpg 1536w, https:\/\/emlekpont.hu\/wp-content\/uploads\/2025\/05\/20250507_Varosi_Tortenelemverseny_eredmenyhirdetes-EP_02-830x519.jpg 830w, https:\/\/emlekpont.hu\/wp-content\/uploads\/2025\/05\/20250507_Varosi_Tortenelemverseny_eredmenyhirdetes-EP_02-230x144.jpg 230w, https:\/\/emlekpont.hu\/wp-content\/uploads\/2025\/05\/20250507_Varosi_Tortenelemverseny_eredmenyhirdetes-EP_02-350x219.jpg 350w, https:\/\/emlekpont.hu\/wp-content\/uploads\/2025\/05\/20250507_Varosi_Tortenelemverseny_eredmenyhirdetes-EP_02-480x300.jpg 480w, https:\/\/emlekpont.hu\/wp-content\/uploads\/2025\/05\/20250507_Varosi_Tortenelemverseny_eredmenyhirdetes-EP_02.jpg 2048w\" sizes=\"(max-width: 1024px) 100vw, 1024px\" \/><\/div>\n\t\t<\/a>\n\t\t\t\t<div class=\"elementor-post__text\">\n\t\t\t\t<h3 class=\"elementor-post__title\">\n\t\t\t<a href=\"https:\/\/emlekpont.hu\/?p=17435\" >\n\t\t\t\tV\u00e1rosi t\u00f6rtenelemverseny eredm\u00e9nyei\t\t\t<\/a>\n\t\t<\/h3>\n\t\t\t\t<div class=\"elementor-post__meta-data\">\n\t\t\t\t\t<span class=\"elementor-post-date\">\n\t\t\tm\u00e1jus 8, 2025\t\t<\/span>\n\t\t\t\t<\/div>\n\t\t\t\t<div class=\"elementor-post__excerpt\">\n\t\t\t<p>A 2025. \u00e9vi v\u00e1rosi t\u00f6rt\u00e9nelemverseny eredm\u00e9nyhirdet\u00e9se.<\/p>\n\t\t<\/div>\n\t\t\n\t\t<a class=\"elementor-post__read-more\" href=\"https:\/\/emlekpont.hu\/?p=17435\" aria-label=\"Read more about V\u00e1rosi t\u00f6rtenelemverseny eredm\u00e9nyei\" tabindex=\"-1\" >\n\t\t\tB\u0151vebben \u00bb\t\t<\/a>\n\n\t\t\t\t<\/div>\n\t\t\t\t<\/article>\n\t\t\t\t<article class=\"elementor-post elementor-grid-item post-17428 post type-post status-publish format-standard has-post-thumbnail hentry category-hirek\">\n\t\t\t\t<a class=\"elementor-post__thumbnail__link\" href=\"https:\/\/emlekpont.hu\/?p=17428\" tabindex=\"-1\" >\n\t\t\t<div class=\"elementor-post__thumbnail\"><img decoding=\"async\" width=\"1024\" height=\"640\" src=\"https:\/\/emlekpont.hu\/wp-content\/uploads\/2024\/05\/20240503_Varosi_Tortenelemverseny-EP_02-1024x640.jpg\" class=\"attachment-large size-large wp-image-8071\" alt=\"\" srcset=\"https:\/\/emlekpont.hu\/wp-content\/uploads\/2024\/05\/20240503_Varosi_Tortenelemverseny-EP_02-1024x640.jpg 1024w, https:\/\/emlekpont.hu\/wp-content\/uploads\/2024\/05\/20240503_Varosi_Tortenelemverseny-EP_02-300x188.jpg 300w, https:\/\/emlekpont.hu\/wp-content\/uploads\/2024\/05\/20240503_Varosi_Tortenelemverseny-EP_02-768x480.jpg 768w, https:\/\/emlekpont.hu\/wp-content\/uploads\/2024\/05\/20240503_Varosi_Tortenelemverseny-EP_02-1536x960.jpg 1536w, https:\/\/emlekpont.hu\/wp-content\/uploads\/2024\/05\/20240503_Varosi_Tortenelemverseny-EP_02-830x519.jpg 830w, https:\/\/emlekpont.hu\/wp-content\/uploads\/2024\/05\/20240503_Varosi_Tortenelemverseny-EP_02-230x144.jpg 230w, https:\/\/emlekpont.hu\/wp-content\/uploads\/2024\/05\/20240503_Varosi_Tortenelemverseny-EP_02-350x219.jpg 350w, https:\/\/emlekpont.hu\/wp-content\/uploads\/2024\/05\/20240503_Varosi_Tortenelemverseny-EP_02-480x300.jpg 480w, https:\/\/emlekpont.hu\/wp-content\/uploads\/2024\/05\/20240503_Varosi_Tortenelemverseny-EP_02.jpg 2048w\" sizes=\"(max-width: 1024px) 100vw, 1024px\" \/><\/div>\n\t\t<\/a>\n\t\t\t\t<div class=\"elementor-post__text\">\n\t\t\t\t<h3 class=\"elementor-post__title\">\n\t\t\t<a href=\"https:\/\/emlekpont.hu\/?p=17428\" >\n\t\t\t\tV\u00e1rosi t\u00f6rt\u00e9nelemverseny az Eml\u00e9kpontban\t\t\t<\/a>\n\t\t<\/h3>\n\t\t\t\t<div class=\"elementor-post__meta-data\">\n\t\t\t\t\t<span class=\"elementor-post-date\">\n\t\t\t\u00e1prilis 23, 2025\t\t<\/span>\n\t\t\t\t<\/div>\n\t\t\t\t<div class=\"elementor-post__excerpt\">\n\t\t\t<p>A 2025. \u00e9vi v\u00e1rosi t\u00f6rt\u00e9nelemverseny \u00e1prilis 30-\u00e1n 14 \u00f3rai kezdettel lesz az Eml\u00e9kpontban.<\/p>\n\t\t<\/div>\n\t\t\n\t\t<a class=\"elementor-post__read-more\" href=\"https:\/\/emlekpont.hu\/?p=17428\" aria-label=\"Read more about V\u00e1rosi t\u00f6rt\u00e9nelemverseny az Eml\u00e9kpontban\" tabindex=\"-1\" >\n\t\t\tB\u0151vebben \u00bb\t\t<\/a>\n\n\t\t\t\t<\/div>\n\t\t\t\t<\/article>\n\t\t\t\t<article class=\"elementor-post elementor-grid-item post-17424 post type-post status-publish format-standard has-post-thumbnail hentry category-hirek\">\n\t\t\t\t<a class=\"elementor-post__thumbnail__link\" href=\"https:\/\/emlekpont.hu\/?p=17424\" tabindex=\"-1\" >\n\t\t\t<div class=\"elementor-post__thumbnail\"><img loading=\"lazy\" decoding=\"async\" width=\"1024\" height=\"768\" src=\"https:\/\/emlekpont.hu\/wp-content\/uploads\/2025\/04\/MT1944-gyermekaldozatok-1024x768.jpg\" class=\"attachment-large size-large wp-image-17426\" alt=\"\" srcset=\"https:\/\/emlekpont.hu\/wp-content\/uploads\/2025\/04\/MT1944-gyermekaldozatok-1024x768.jpg 1024w, https:\/\/emlekpont.hu\/wp-content\/uploads\/2025\/04\/MT1944-gyermekaldozatok-300x225.jpg 300w, https:\/\/emlekpont.hu\/wp-content\/uploads\/2025\/04\/MT1944-gyermekaldozatok-768x576.jpg 768w, https:\/\/emlekpont.hu\/wp-content\/uploads\/2025\/04\/MT1944-gyermekaldozatok-1536x1152.jpg 1536w, https:\/\/emlekpont.hu\/wp-content\/uploads\/2025\/04\/MT1944-gyermekaldozatok-830x623.jpg 830w, https:\/\/emlekpont.hu\/wp-content\/uploads\/2025\/04\/MT1944-gyermekaldozatok-230x173.jpg 230w, https:\/\/emlekpont.hu\/wp-content\/uploads\/2025\/04\/MT1944-gyermekaldozatok-350x263.jpg 350w, https:\/\/emlekpont.hu\/wp-content\/uploads\/2025\/04\/MT1944-gyermekaldozatok-480x360.jpg 480w, https:\/\/emlekpont.hu\/wp-content\/uploads\/2025\/04\/MT1944-gyermekaldozatok.jpg 2048w\" sizes=\"(max-width: 1024px) 100vw, 1024px\" \/><\/div>\n\t\t<\/a>\n\t\t\t\t<div class=\"elementor-post__text\">\n\t\t\t\t<h3 class=\"elementor-post__title\">\n\t\t\t<a href=\"https:\/\/emlekpont.hu\/?p=17424\" >\n\t\t\t\tA holokauszt magyarorsz\u00e1gi \u00e1ldozataira eml\u00e9kez\u00fcnk\t\t\t<\/a>\n\t\t<\/h3>\n\t\t\t\t<div class=\"elementor-post__meta-data\">\n\t\t\t\t\t<span class=\"elementor-post-date\">\n\t\t\t\u00e1prilis 16, 2025\t\t<\/span>\n\t\t\t\t<\/div>\n\t\t\t\t<div class=\"elementor-post__excerpt\">\n\t\t\t<p>\u00c1prilis 16-\u00e1n a holokauszt magyarorsz\u00e1gi \u00e1ldozataira eml\u00e9kez\u00fcnk .<\/p>\n\t\t<\/div>\n\t\t\n\t\t<a class=\"elementor-post__read-more\" href=\"https:\/\/emlekpont.hu\/?p=17424\" aria-label=\"Read more about A holokauszt magyarorsz\u00e1gi \u00e1ldozataira eml\u00e9kez\u00fcnk\" tabindex=\"-1\" >\n\t\t\tB\u0151vebben \u00bb\t\t<\/a>\n\n\t\t\t\t<\/div>\n\t\t\t\t<\/article>\n\t\t\t\t<article class=\"elementor-post elementor-grid-item post-17408 post type-post status-publish format-standard has-post-thumbnail hentry category-hirek\">\n\t\t\t\t<a class=\"elementor-post__thumbnail__link\" href=\"https:\/\/emlekpont.hu\/?p=17408\" tabindex=\"-1\" >\n\t\t\t<div class=\"elementor-post__thumbnail\"><img loading=\"lazy\" decoding=\"async\" width=\"1024\" height=\"742\" src=\"https:\/\/emlekpont.hu\/wp-content\/uploads\/2025\/02\/ep-0100-1024x742.jpg\" class=\"attachment-large size-large wp-image-17410\" alt=\"\" srcset=\"https:\/\/emlekpont.hu\/wp-content\/uploads\/2025\/02\/ep-0100-1024x742.jpg 1024w, https:\/\/emlekpont.hu\/wp-content\/uploads\/2025\/02\/ep-0100-300x217.jpg 300w, https:\/\/emlekpont.hu\/wp-content\/uploads\/2025\/02\/ep-0100-768x556.jpg 768w, https:\/\/emlekpont.hu\/wp-content\/uploads\/2025\/02\/ep-0100-1536x1113.jpg 1536w, https:\/\/emlekpont.hu\/wp-content\/uploads\/2025\/02\/ep-0100-2048x1484.jpg 2048w, https:\/\/emlekpont.hu\/wp-content\/uploads\/2025\/02\/ep-0100-830x601.jpg 830w, https:\/\/emlekpont.hu\/wp-content\/uploads\/2025\/02\/ep-0100-550x400.jpg 550w, https:\/\/emlekpont.hu\/wp-content\/uploads\/2025\/02\/ep-0100-230x167.jpg 230w, https:\/\/emlekpont.hu\/wp-content\/uploads\/2025\/02\/ep-0100-350x254.jpg 350w, https:\/\/emlekpont.hu\/wp-content\/uploads\/2025\/02\/ep-0100-480x348.jpg 480w\" sizes=\"(max-width: 1024px) 100vw, 1024px\" \/><\/div>\n\t\t<\/a>\n\t\t\t\t<div class=\"elementor-post__text\">\n\t\t\t\t<h3 class=\"elementor-post__title\">\n\t\t\t<a href=\"https:\/\/emlekpont.hu\/?p=17408\" >\n\t\t\t\tEml\u00e9kezz\u00fcnk a kommunizmus \u00e1ldozataira!\t\t\t<\/a>\n\t\t<\/h3>\n\t\t\t\t<div class=\"elementor-post__meta-data\">\n\t\t\t\t\t<span class=\"elementor-post-date\">\n\t\t\tfebru\u00e1r 25, 2025\t\t<\/span>\n\t\t\t\t<\/div>\n\t\t\t\t<div class=\"elementor-post__excerpt\">\n\t\t\t<p>Imm\u00e1r negyedsz\u00e1zada minden \u00e9v febru\u00e1r 25-\u00e9n a kommunizmus \u00e1ldozataira eml\u00e9kez\u00fcnk orsz\u00e1gszerte, a jogellenesen letart\u00f3ztatottakra, a koholt v\u00e1dak alapj\u00e1n kiv\u00e9gzettekre, az ellen\u00e1ll\u00f3k\u00e9nt m\u00e1rt\u00edrhal\u00e1lt halt h\u0151s\u00f6kre. Mindazokra, akik a rendszer \u00e1ldozataiv\u00e1 v\u00e1ltak, \u00e9s akiket a rezsim meghurcolt \u00e9s kiszolg\u00e1ltatott. <\/p>\n\t\t<\/div>\n\t\t\n\t\t<a class=\"elementor-post__read-more\" href=\"https:\/\/emlekpont.hu\/?p=17408\" aria-label=\"Read more about Eml\u00e9kezz\u00fcnk a kommunizmus \u00e1ldozataira!\" tabindex=\"-1\" >\n\t\t\tB\u0151vebben \u00bb\t\t<\/a>\n\n\t\t\t\t<\/div>\n\t\t\t\t<\/article>\n\t\t\t\t<article class=\"elementor-post elementor-grid-item post-17397 post type-post status-publish format-standard has-post-thumbnail hentry category-hirek\">\n\t\t\t\t<a class=\"elementor-post__thumbnail__link\" href=\"https:\/\/emlekpont.hu\/?p=17397\" tabindex=\"-1\" >\n\t\t\t<div class=\"elementor-post__thumbnail\"><img loading=\"lazy\" decoding=\"async\" width=\"250\" height=\"202\" src=\"https:\/\/emlekpont.hu\/wp-content\/uploads\/2024\/10\/ostqf6ls.bmp\" class=\"attachment-large size-large wp-image-17398\" alt=\"\" srcset=\"https:\/\/emlekpont.hu\/wp-content\/uploads\/2024\/10\/ostqf6ls.bmp 250w, https:\/\/emlekpont.hu\/wp-content\/uploads\/2024\/10\/ostqf6ls-230x186.jpg 230w\" sizes=\"(max-width: 250px) 100vw, 250px\" \/><\/div>\n\t\t<\/a>\n\t\t\t\t<div class=\"elementor-post__text\">\n\t\t\t\t<h3 class=\"elementor-post__title\">\n\t\t\t<a href=\"https:\/\/emlekpont.hu\/?p=17397\" >\n\t\t\t\tA Czirbusz Piroska K\u00f6zalap\u00edtv\u00e1ny 2024. \u00e9vi p\u00e1ly\u00e1zati felh\u00edv\u00e1sa\t\t\t<\/a>\n\t\t<\/h3>\n\t\t\t\t<div class=\"elementor-post__meta-data\">\n\t\t\t\t\t<span class=\"elementor-post-date\">\n\t\t\tokt\u00f3ber 3, 2024\t\t<\/span>\n\t\t\t\t<\/div>\n\t\t\t\t<div class=\"elementor-post__excerpt\">\n\t\t\t<p>Beny\u00fajt\u00e1si hat\u00e1rid\u0151: 2024. okt\u00f3ber 31.<\/p>\n\t\t<\/div>\n\t\t\n\t\t<a class=\"elementor-post__read-more\" href=\"https:\/\/emlekpont.hu\/?p=17397\" aria-label=\"Read more about A Czirbusz Piroska K\u00f6zalap\u00edtv\u00e1ny 2024. \u00e9vi p\u00e1ly\u00e1zati felh\u00edv\u00e1sa\" tabindex=\"-1\" >\n\t\t\tB\u0151vebben \u00bb\t\t<\/a>\n\n\t\t\t\t<\/div>\n\t\t\t\t<\/article>\n\t\t\t\t<\/div>\n\t\t\n\t\t\t\t<div class=\"e-load-more-anchor\" data-page=\"1\" data-max-page=\"142\" data-next-page=\"https:\/\/emlekpont.hu\/index.php?rest_route=%2Fwp%2Fv2%2Fpages%2F92&#038;paged=2\"><\/div>\n\t\t\t\t<nav class=\"elementor-pagination\" aria-label=\"Lapsz\u00e1moz\u00e1s\">\n\t\t\t<span class=\"page-numbers prev\">&laquo; El\u0151z\u0151<\/span>\n<span aria-current=\"page\" class=\"page-numbers current\"><span class=\"elementor-screen-only\">Oldal<\/span>1<\/span>\n<a class=\"page-numbers\" href=\"https:\/\/emlekpont.hu\/index.php\/?paged=2\"><span class=\"elementor-screen-only\">Oldal<\/span>2<\/a>\n<a class=\"page-numbers\" href=\"https:\/\/emlekpont.hu\/index.php\/?paged=3\"><span class=\"elementor-screen-only\">Oldal<\/span>3<\/a>\n<a class=\"page-numbers\" href=\"https:\/\/emlekpont.hu\/index.php\/?paged=4\"><span class=\"elementor-screen-only\">Oldal<\/span>4<\/a>\n<a class=\"page-numbers\" href=\"https:\/\/emlekpont.hu\/index.php\/?paged=5\"><span class=\"elementor-screen-only\">Oldal<\/span>5<\/a>\n<a class=\"page-numbers next\" href=\"https:\/\/emlekpont.hu\/index.php?rest_route=%2Fwp%2Fv2%2Fpages%2F92&#038;paged=2\">K\u00f6vetkez\u0151 &raquo;<\/a>\t\t<\/nav>\n\t\t\t\t<\/div>\n\t\t\t\t<\/div>\n\t\t\t\t\t<\/div>\n\t\t<\/div>\n\t\t\t\t\t<\/div>\n\t\t<\/section>\n\t\t\t\t<\/div>\n\t\t","protected":false},"excerpt":{"rendered":"","protected":false},"author":5,"featured_media":0,"parent":91,"menu_order":0,"comment_status":"closed","ping_status":"closed","template":"elementor_header_footer","meta":{"footnotes":""},"_links":{"self":[{"href":"https:\/\/emlekpont.hu\/index.php?rest_route=\/wp\/v2\/pages\/92"}],"collection":[{"href":"https:\/\/emlekpont.hu\/index.php?rest_route=\/wp\/v2\/pages"}],"about":[{"href":"https:\/\/emlekpont.hu\/index.php?rest_route=\/wp\/v2\/types\/page"}],"author":[{"embeddable":true,"href":"https:\/\/emlekpont.hu\/index.php?rest_route=\/wp\/v2\/users\/5"}],"replies":[{"embeddable":true,"href":"https:\/\/emlekpont.hu\/index.php?rest_route=%2Fwp%2Fv2%2Fcomments&post=92"}],"version-history":[{"count":13,"href":"https:\/\/emlekpont.hu\/index.php?rest_route=\/wp\/v2\/pages\/92\/revisions"}],"predecessor-version":[{"id":3093,"href":"https:\/\/emlekpont.hu\/index.php?rest_route=\/wp\/v2\/pages\/92\/revisions\/3093"}],"up":[{"embeddable":true,"href":"https:\/\/emlekpont.hu\/index.php?rest_route=\/wp\/v2\/pages\/91"}],"wp:attachment":[{"href":"https:\/\/emlekpont.hu\/index.php?rest_route=%2Fwp%2Fv2%2Fmedia&parent=92"}],"curies":[{"name":"wp","href":"https:\/\/api.w.org\/{rel}","templated":true}]}}