{"id":899,"date":"2019-12-10T11:29:27","date_gmt":"2019-12-10T11:29:27","guid":{"rendered":"https:\/\/emlekpont.hu\/?page_id=899"},"modified":"2025-05-23T16:30:03","modified_gmt":"2025-05-23T16:30:03","slug":"programok","status":"publish","type":"page","link":"https:\/\/emlekpont.hu\/?page_id=899","title":{"rendered":"Programok"},"content":{"rendered":"<h2>Programok<\/h2>\n<p><strong>2025. m\u00e1jus 22. kedd 17:00<\/strong><\/p>\n<p><a href=\"http:\/\/emlekpont.hu\/wp-content\/uploads\/2025\/05\/20250527_GULAG_kiallitaskonyvbemutato-EMLEKPONT.jpg\"><strong>Az alkot\u00f3 szabads\u00e1ga<\/strong><\/a><\/p>\n<p><span style=\"font-size: inherit;\">M\u0171v\u00e9szek szovjet fogs\u00e1gban c\u00edm\u0171 konferenciak\u00f6tet bemutat\u00f3ja <\/span><\/p>\n<p><strong>2025. m\u00e1jus 22. kedd 17:00<\/strong><\/p>\n<p><a href=\"http:\/\/emlekpont.hu\/wp-content\/uploads\/2025\/05\/20250527_GULAG_kiallitaskonyvbemutato-EMLEKPONT.jpg\"><strong>Szembes\u00edt\u00e9s<\/strong><\/a><\/p>\n<p><span style=\"font-size: inherit;\">Rendhagy\u00f3 fot\u00f3ki\u00e1ll\u00edt\u00e1s megnyit\u00f3ja a m\u00e9g \u00e9l\u0151 GUL\u00c1G-GUPVI tan\u00fakr\u00f3l<\/span><\/p>\n<p><strong>2025. m\u00e1jus 15. cs\u00fct\u00f6rt\u00f6k 17:00<\/strong><\/p>\n<p><a href=\"http:\/\/emlekpont.hu\/wp-content\/uploads\/2025\/05\/20250515_Romsics_Ignac_konyvbemutato-Emlekpont-MEGHIVO.jpg\"><strong>A nagyhatalmak \u00e9s Magyarorsz\u00e1g a 20. sz\u00e1zadban<\/strong><\/a><\/p>\n<p><span style=\"font-size: inherit;\">Romsics Ign\u00e1c Sz\u00e9chenyi-d\u00edjas t\u00f6rt\u00e9n\u00e9sz, akad\u00e9mikus szerz\u0151i k\u00f6nyvbemutat\u00f3ja<\/span><\/p>\n<p><strong>2025. m\u00e1jus 7. szerda 15:00<\/strong><\/p>\n<p><strong>V\u00e1rosi t\u00f6rt\u00e9nelemverseny &#8211; EREDM\u00c9NYHIRDET\u00c9S<\/strong><\/p>\n<p><span style=\"font-size: inherit;\">A fels\u0151 tagozatosok 2025. \u00e9vi t\u00f6rt\u00e9nelemverseny\u00e9nek eredm\u00e9nyhirdet\u00e9se\u00a0<\/span><\/p>\n<p><strong>2025. \u00e1prilis 30. szerda 14:00<\/strong><\/p>\n<p><strong>V\u00e1rosi t\u00f6rt\u00e9nelemverseny<\/strong><\/p>\n<p><span style=\"font-size: inherit;\">A h\u00f3dmezv\u00e1s\u00e1rhelyi \u00e1ltal\u00e1nos iskol\u00e1sok 2025. \u00e9vi v\u00e1rosi t\u00f6rt\u00e9nelemversenye\u00a0<\/span><\/p>\n<p><strong>2024. okt\u00f3ber 13. vas\u00e1rnap 15:00<\/strong><\/p>\n<p><a href=\"http:\/\/emlekpont.hu\/wp-content\/uploads\/2024\/10\/20241013_Galyasi_Miklos_meghurcolasa-eloadas-Emlekpont-MEGHIVO.jpg\"><strong>Galyasi Mikl\u00f3s m\u00fazeumigazgat\u00f3nak, a V\u00e1s\u00e1rhelyi \u0150szi T\u00e1rlat megalap\u00edt\u00f3j\u00e1nak 1956 ut\u00e1ni meghurcol\u00e1sa<\/strong><\/a><\/p>\n<p><span style=\"font-size: revert; color: initial;\">Vincze G\u00e1bor t\u00f6rt\u00e9n\u00e9sz el\u0151ad\u00e1sa<\/span><\/p>\n<p><strong style=\"font-size: revert; color: initial;\">2024. m\u00e1jus 28. kedd 18:00<\/strong><\/p>\n<p><a href=\"http:\/\/emlekpont.hu\/wp-content\/uploads\/2024\/05\/20240528_Rendszervalto_portrek-Farkas_Egon_EP-PLAKAT.jpg\"><strong>Rendszerv\u00e1lt\u00f3 portr\u00e9k 1989-1994: Farkas Egon<\/strong><\/a><\/p>\n<p>Besz\u00e9lget\u00e9s H\u00f3dmez\u0151v\u00e1s\u00e1rhely 1990.-\u00e9vi k\u00e9pvisel\u0151test\u00fclet\u00e9nek tagjaival<\/p>\n<p><strong>2024. m\u00e1jus 9. cs\u00fct\u00f6rt\u00f6k 15:00<\/strong><\/p>\n<p><strong>V\u00e1rosi t\u00f6rt\u00e9nelemverseny &#8211; EREDM\u00c9NYHIRDET\u00c9S<\/strong><\/p>\n<p><span style=\"font-size: inherit;\">A h\u00f3dmezv\u00e1s\u00e1rhelyi \u00e1ltal\u00e1nos iskol\u00e1sok v\u00e1rosi t\u00f6rt\u00e9nelemverseny\u00e9nek eredm\u00e9nyhirdet\u00e9se\u00a0<\/span><\/p>\n<p><strong>2024. m\u00e1jus 4. szombat 19:00<\/strong><\/p>\n<p><a href=\"http:\/\/emlekpont.hu\/wp-content\/uploads\/2024\/05\/20240504_Anyja_fia-apa_lanya-SzaboMagdaKamaraszinhaz_Emlekpont-PLAKAT.jpg\"><strong>Anyja fia &#8211; Apja l\u00e1nya<\/strong><\/a><\/p>\n<p><span style=\"font-size: inherit;\">Szab\u00f3 Magda Kamarasz\u00ednh\u00e1z \/\/\/ Pszichote\u00e1trum\u00a0<\/span><\/p>\n<p><strong>2024. m\u00e1jus 3. p\u00e9ntek 14:00<\/strong><\/p>\n<p><strong>V\u00e1rosi t\u00f6rt\u00e9nelemverseny<\/strong><\/p>\n<p><span style=\"font-size: inherit;\">A h\u00f3dmezv\u00e1s\u00e1rhelyi \u00e1ltal\u00e1nos iskol\u00e1sok v\u00e1rosi t\u00f6rt\u00e9nelemversenye\u00a0<\/span><\/p>\n<p><strong>2024. \u00e1prilis 30. kedd 18:00<\/strong><\/p>\n<p><a href=\"http:\/\/emlekpont.hu\/wp-content\/uploads\/2024\/04\/20240430_Rendszervalto_portrek-Lehmann_Istvan_EP-PLAKAT-scaled.jpg\"><strong>Rendszerv\u00e1lt\u00f3 portr\u00e9k 1989-1994: Lehmann Istv\u00e1n<\/strong><\/a><\/p>\n<p><span style=\"font-size: inherit;\">Besz\u00e9lget\u00e9s H\u00f3dmez\u0151v\u00e1s\u00e1rhely 1990. \u00e9vi k\u00e9pvisel\u0151test\u00fclet\u00e9nek tagjaival<\/span><\/p>\n<p><strong>2024. \u00e1prilis 27. szombat 20:00<\/strong><\/p>\n<p><a href=\"http:\/\/emlekpont.hu\/wp-content\/uploads\/2024\/04\/20240427_Tars_asjatek-SzaboMagdaKamaraszinhaz_Emlekpont-PLAKAT.jpg\"><span style=\"font-size: inherit;\"><b>T\u00e1rs\/asj\u00e1t\u00e9k<\/b><\/span><\/a><\/p>\n<p><span style=\"font-size: inherit;\">Szab\u00f3 Magda Kamarasz\u00ednh\u00e1z \/\/\/ Pszichote\u00e1trum\u00a0<\/span><\/p>\n<p><strong>2024. \u00e1prilis 27. szombat 15:00<\/strong><\/p>\n<p><span style=\"font-size: inherit;\"><b>KAKA\u00d3koncert<\/b><\/span><\/p>\n<p><span style=\"font-size: inherit;\">Szab\u00f3 Magda Kamarasz\u00ednh\u00e1z \/\/\/ kicsiknek \u00e9s nagyoknak\u00a0<\/span><\/p>\n<p><strong>2024. \u00e1prilis 20. szombat 19:00<\/strong><\/p>\n<p><a href=\"http:\/\/emlekpont.hu\/wp-content\/uploads\/2024\/04\/20240420_Alomlanyok-SzaboMagdaKamaraszinhaz_Emlekpont-PLAKAT.jpg\"><span style=\"font-size: inherit;\"><b>\u00c1loml\u00e1nyok<\/b><\/span><\/a><\/p>\n<p><span style=\"font-size: inherit;\">Szab\u00f3 Magda Kamarasz\u00ednh\u00e1z \/\/\/ sz\u00ednh\u00e1zkoncert<\/span><\/p>\n<p><strong>2024. \u00e1prilis 20. szombat 15:00<\/strong><\/p>\n<p><a href=\"http:\/\/emlekpont.hu\/wp-content\/uploads\/2024\/04\/20240420_VERS_mindenARON-SzaboMagdaKamaraszinhaz_Emlekpont-PLAKAT.jpg\"><span style=\"font-size: inherit;\"><b>VERS minden\u00c1ron<\/b><\/span><\/a><\/p>\n<p><span style=\"font-size: inherit;\">Szab\u00f3 Magda Kamarasz\u00ednh\u00e1z \/\/\/ S\u00f6vegj\u00e1rt\u00f3 \u00c1ron sz\u00ednm\u0171v\u00e9sz &#8222;tan\u00ed-tani&#8221; c\u00edm\u0171 versekr\u0151l sz\u00f3l\u00f3 m\u0171sora iskol\u00e1soknak\u00a0<\/span><\/p>\n<p><strong>2024. \u00e1prilis 16. kedd 18:00<\/strong><\/p>\n<p><a href=\"http:\/\/emlekpont.hu\/wp-content\/uploads\/2024\/04\/Rendszervalto_portrek_20240416-scaled.jpg\"><strong>Rendszerv\u00e1lt\u00f3 portr\u00e9k 1989-1994: dr. B\u00e1lint L\u00e1szl\u00f3<\/strong><\/a><\/p>\n<p><span style=\"font-size: inherit;\">Besz\u00e9lget\u00e9s H\u00f3dmez\u0151v\u00e1s\u00e1rhely 1990. \u00e9vi k\u00e9pvisel\u0151test\u00fclet\u00e9nek tagjaival<\/span><\/p>\n<p><strong>2024. \u00e1prilis 13. szombat 19:00<\/strong><\/p>\n<p><a href=\"http:\/\/emlekpont.hu\/wp-content\/uploads\/2024\/04\/20240413_A_no-SzaboMagdaKamaraszinhaz_Emlekpont-PLAKAT.jpg\"><b>A n\u0151<\/b><\/a><\/p>\n<p><span style=\"font-size: inherit;\">Szab\u00f3 Magda Kamarasz\u00ednh\u00e1z \/\/\/ sz\u00ednh\u00e1zi est<\/span><\/p>\n<p><strong style=\"font-size: inherit;\">2024. \u00e1prilis 13. szombat 14:00<\/strong><\/p>\n<p><a href=\"http:\/\/emlekpont.hu\/wp-content\/uploads\/2024\/04\/20240413_Maszmok_Afrikaban-SzaboMagdaKamaraszinhaz_Emlekpont-PLAKAT.jpg\"><strong>Maszm\u00f3k Afrik\u00e1ban<\/strong><\/a><\/p>\n<p>Szab\u00f3 Magda Kamarasz\u00ednh\u00e1z \/\/\/ gyerekm\u0171sor<\/p>\n<p><strong>2024. \u00e1prilis 6. szombat 19:00<\/strong><\/p>\n<p><a href=\"http:\/\/emlekpont.hu\/wp-content\/uploads\/2024\/04\/20240406_Kavecsarnok_Tuzolto-SzaboMagdaKamaraszinhaz_Emlekpont-PLAKAT.jpg\"><span style=\"font-size: inherit;\"><b>Sz\u00e9p Ern\u0151: K\u00e1v\u00e9csarnok, T\u0171zolt\u00f3<\/b><\/span><\/a><\/p>\n<p><span style=\"font-size: inherit;\">Szab\u00f3 Magda Kamarasz\u00ednh\u00e1z \/\/\/ k\u00e9t egyfelvon\u00e1sos kom\u00e9dia<\/span><\/p>\n<p><strong>2024. \u00e1prilis 6. szombat 15:00<\/strong><\/p>\n<p><a href=\"http:\/\/emlekpont.hu\/wp-content\/uploads\/2024\/04\/20240406_Bodza_es_a_tolgyfa-SzaboMagdaKamaraszinhaz_Emlekpont-PLAKAT.jpg\"><strong>Batyu Sz\u00ednh\u00e1z: Bodza \u00e9s a t\u00f6lgyfa<\/strong><\/a><\/p>\n<p>Szab\u00f3 Magda Kamarasz\u00ednh\u00e1z \/\/\/ gyerekm\u0171sor<\/p>\n<p><a href=\"http:\/\/emlekpont.hu\/wp-content\/uploads\/2024\/03\/2024_04ho_Szabo_Magda_Kamaraszinhaz_Emlekpont-MUSOR.jpg\"><strong>Szab\u00f3 Magda Kamarasz\u00ednh\u00e1z &#8211; \u00e1prilis<\/strong><\/a><\/p>\n<p>2024. \u00e1prilisi el\u0151ad\u00e1sai az Eml\u00e9kpontban<\/p>\n<p><a href=\"http:\/\/emlekpont.hu\/wp-content\/uploads\/2024\/03\/20240309-tol_Dramaszinhaz_Xantus_Barbival_Emlekpont-PLAKAT.jpeg\"><strong>Dr\u00e1masuli Xantus Barbival<\/strong><\/a><\/p>\n<p>M\u00e1rcius 9-t\u0151l minden szombaton 11 \u00f3r\u00e1t\u00f3l az Eml\u00e9kpontban<\/p>\n<p><strong>2024. m\u00e1rcius 30. szombat 19:00<\/strong><\/p>\n<p><a href=\"http:\/\/emlekpont.hu\/wp-content\/uploads\/2024\/03\/20240330_A-Szepseg_koldusa-SzaboMagdaKamaraszinhaz_Emlekpont-PLAKAT.jpg\"><span style=\"font-size: inherit;\"><b>A sz\u00e9ps\u00e9g koldusa, J\u00f3zsef Attila hangosan<\/b><\/span><\/a><\/p>\n<p><span style=\"font-size: inherit;\">Szab\u00f3 Magda Kamarasz\u00ednh\u00e1z \/\/\/ Galk\u00f3 Bal\u00e1zs estje<\/span><\/p>\n<p><strong>2024. m\u00e1rcius 23. szombat 15:00<\/strong><\/p>\n<p><a href=\"http:\/\/emlekpont.hu\/wp-content\/uploads\/2024\/03\/20240321_Kamilla_hangja-SzaboMagdaKamaraszinhaz_Emlekpont-PLAKAT.jpg\"><span style=\"font-size: inherit;\"><b>Kamilla hangja<\/b><\/span><\/a><\/p>\n<p><span style=\"font-size: inherit;\">Szab\u00f3 Magda Kamarasz\u00ednh\u00e1z \/\/\/ Zen\u00e9s, verses interakt\u00edv mesej\u00e1t\u00e9k kisebbeknek<\/span><\/p>\n<p><strong>2024. m\u00e1rcius 21. cs\u00fct\u00f6rt\u00f6k 18:00<\/strong><\/p>\n<p><a href=\"http:\/\/emlekpont.hu\/wp-content\/uploads\/2024\/03\/20240321_Rendszervalto_portrek-Nagy-Gyorgy_Janos_EP-PLAKAT.jpg\"><strong>Rendszerv\u00e1lt\u00f3 portr\u00e9k 1989-1994: Nagy-Gy\u00f6rgy J\u00e1nos<\/strong><\/a><\/p>\n<p>Besz\u00e9lget\u00e9s H\u00f3dmez\u0151v\u00e1s\u00e1rhely 1990. \u00e9vi k\u00e9pvisel\u0151test\u00fclet\u00e9nek tagjaival<\/p>\n<p><strong>2024. m\u00e1rcius 16. szombat 19:00<\/strong><\/p>\n<p><a href=\"http:\/\/emlekpont.hu\/wp-content\/uploads\/2024\/03\/20240316_Kavecsarnok_Tuzolto-SzaboMagdaKamaraszinhaz_Emlekpont-PLAKAT.jpg\"><span style=\"font-size: inherit;\"><b>Sz\u00e9p Ern\u0151: K\u00e1v\u00e9csarnok, T\u0171zolt\u00f3<\/b><\/span><\/a><\/p>\n<p><span style=\"font-size: inherit;\">Szab\u00f3 Magda Kamarasz\u00ednh\u00e1z \/\/\/ k\u00e9t egyfelvon\u00e1sos kom\u00e9dia<\/span><\/p>\n<p><strong>2024. m\u00e1rcius 16. szombat 15:00<\/strong><\/p>\n<p><a href=\"http:\/\/emlekpont.hu\/wp-content\/uploads\/2024\/03\/20240316_VERS_mindenARON-SzaboMagdaKamaraszinhaz_Emlekpont-PLAKAT.jpg\"><span style=\"font-size: inherit;\"><b>VERS minden\u00c1ron<\/b><\/span><\/a><\/p>\n<p><span style=\"font-size: inherit;\">Szab\u00f3 Magda Kamarasz\u00ednh\u00e1z \/\/\/ S\u00f6vegj\u00e1rt\u00f3 \u00c1ron sz\u00ednm\u0171v\u00e9sz &#8222;tan\u00ed-tani&#8221; c\u00edm\u0171 versekr\u0151l sz\u00f3l\u00f3 m\u0171sora iskol\u00e1soknak\u00a0<\/span><\/p>\n<p><strong>2024. m\u00e1rcius 9. szombat 19:00<\/strong><\/p>\n<p><a href=\"http:\/\/emlekpont.hu\/wp-content\/uploads\/2024\/03\/20240309_Testverhaboru-SzaboMagdaKamaraszinhaz_Emlekpont-PLAKAT.jpg\"><strong>Testv\u00e9rh\u00e1bor\u00fa<\/strong><\/a><\/p>\n<p>A Szab\u00f3 Magda Kamarasz\u00ednh\u00e1z el\u0151ad\u00e1sa<\/p>\n<p><strong>2024. m\u00e1rcius 9. szombat 15:00<\/strong><\/p>\n<p><strong>Batyu Sz\u00ednh\u00e1z: Bodza \u00e9s a tenger<\/strong><\/p>\n<p>Szab\u00f3 Magda Kamarasz\u00ednh\u00e1z gyerekeknek<\/p>\n<p><a href=\"http:\/\/emlekpont.hu\/wp-content\/uploads\/2024\/03\/2024_03ho_Szabo_Magda_Kamaraszinhaz_Emlekpont-MUSOR.jpeg\"><strong>Szab\u00f3 Magda Kamarasz\u00ednh\u00e1z &#8211; m\u00e1rcius<\/strong><\/a><\/p>\n<p>2024. m\u00e1rciusi el\u0151ad\u00e1sai az Eml\u00e9kpontban<\/p>\n<p><strong>2024. m\u00e1rcius 6. szerda 18:00<\/strong><\/p>\n<p><a href=\"d:\\Munka\\Emlekpont\\20240306_Rendszervalto_portrek-Alacsi_Aurel\\\"><strong>Rendszerv\u00e1lt\u00f3 portr\u00e9k 1989-1994: Al\u00e1csi Aur\u00e9l<\/strong><\/a><\/p>\n<p>Besz\u00e9lget\u00e9s H\u00f3dmez\u0151v\u00e1s\u00e1rhely 1990. \u00e9vi k\u00e9pvisel\u0151test\u00fclet\u00e9nek tagjaival<\/p>\n<p><strong>2024. febru\u00e1r 26. h\u00e9tf\u0151 17:00<\/strong><\/p>\n<p><a href=\"http:\/\/emlekpont.hu\/wp-content\/uploads\/2024\/02\/20240226_EPkonyvek19_Takacs_Ferenc_konyvbemutato-Emlekpont-MEGHIVO.jpg\"><strong>Tak\u00e1cs Ferenc \u00e9let\u00fatja \u00e9s politikai p\u00e1ly\u00e1ja (1893-1956)<\/strong><\/a><\/p>\n<p>Az Eml\u00e9kpont K\u00f6nyvek 19. k\u00f6tet\u00e9nek bemutat\u00f3ja<\/p>\n<p><strong>2023. november 9. cs\u00fct\u00f6rt\u00f6k 17:00<\/strong><\/p>\n<p><a href=\"http:\/\/emlekpont.hu\/wp-content\/uploads\/2023\/10\/20231109_NEH_Corvin-koz_es_Pongratz-testverek_beszelgetes-EMLEKPONT-MEGHIVO.jpg\"><strong>&#8222;Olyanok voltak, mint a sz\u00e1rnyas angyalok&#8230;&#8221;<\/strong><\/a><\/p>\n<p>A Corvin k\u00f6z &#8211; ahogy Pongr\u00e1tz Gergely \u00e9s \u00d6d\u00f6n l\u00e1tta<\/p>\n<p><strong>2023. okt\u00f3ber 9. h\u00e9tf\u0151 17:00<\/strong><\/p>\n<p><a href=\"http:\/\/emlekpont.hu\/wp-content\/uploads\/2024\/03\/20231009_Minden_felszereles_orosz_tulajdon-Konyvbemutato-EP-MEGHIVO_.jpg\"><strong>\u201eMinden felszerel\u00e9s orosz tulajdon\u201d<\/strong><\/a><\/p>\n<p><em>Tanulm\u00e1nyok, forr\u00e1sok az 1944\u201345-\u00f6s hatalomv\u00e1lt\u00e1s Csongr\u00e1d v\u00e1rmegyei t\u00f6rt\u00e9net\u00e9hez<\/em> c\u00edm\u0171 k\u00f6nyv bemutat\u00f3ja.<\/p>\n<p><strong>2023. szeptember 28. cs\u00fct\u00f6rt\u00f6k 14:30<\/strong><\/p>\n<p><a href=\"http:\/\/emlekpont.hu\/wp-content\/uploads\/2024\/03\/20230928_SzeretemVasarhelyt-Erdely.jpg\"><strong>Erd\u00e9ly<\/strong><\/a><\/p>\n<p><span style=\"font-size: inherit;\">A Szeretem V\u00e1s\u00e1rhelyt Egyes\u00fclet Hat\u00e1rtalanul programja keret\u00e9ben\u00a0<\/span><\/p>\n<p><strong style=\"font-size: inherit;\">2023. m\u00e1jus 8. h\u00e9tf\u0151 15:00<\/strong><\/p>\n<p><strong>V\u00e1rosi T\u00f6rt\u00e9nelemverseny eredm\u00e9nyhirdet\u00e9s<\/strong><\/p>\n<p><strong>2023. \u00e1prilis 28. p\u00e9ntek 14:00<\/strong><\/p>\n<p><strong>V\u00e1rosi T\u00f6rt\u00e9nelemverseny<\/strong><\/p>\n<p>H\u00f3dmez\u0151v\u00e1s\u00e1rhely \u00e1latlat\u00e1nos iskola fels\u0151 tagozatos di\u00e1kjainak t\u00f6rt\u00e9nelemversenye a HTK Klauz\u00e1l G\u00e1bor \u00c1ltal\u00e1nos Iskola szervez\u00e9s\u00e9ben.<\/p>\n<p><strong>2022. okt\u00f3ber 23. vas\u00e1rnap 17:00<\/strong><\/p>\n<p><a href=\"http:\/\/emlekpont.hu\/wp-content\/uploads\/2022\/10\/20221023_Szinpad-kinpad_EMLEKPONT-FB_borito.jpg\"><strong>Sz\u00ednpad \u00e9s k\u00ednpad 1956-1958<\/strong><\/a><\/p>\n<p>Nagyv\u00e1radi Erzs\u00e9bet \u00e9s Rubold \u00d6d\u00f6n p\u00f3diumm\u0171sora<\/p>\n<p>2022. okt\u00f3ber 19-21.<\/p>\n<p><strong><a href=\"http:\/\/emlekpont.hu\/wp-content\/uploads\/2022\/10\/20221019-21_NemzetiEmlekezetHete2022-Emlekpont-PLAKAT.jpg\">Nemzeti Eml\u00e9kezet Hete 2022<\/a><\/strong><\/p>\n<p><strong>2022. okt\u00f3ber 21. p\u00e9ntek 11:00<\/strong><\/p>\n<p><a href=\"http:\/\/emlekpont.hu\/wp-content\/uploads\/2022\/10\/20221021_NEH_1956_konferencia_Emlekpont-MEGHIVO.pdf\"><strong>1956: h\u0151s\u00f6k, \u00e1ldozatok, esem\u00e9nyek<\/strong><\/a><\/p>\n<p>Tudom\u00e1nyos konferencia<\/p>\n<p><strong>2022. j\u00fanius 25. szombat 17:00 &#8211; 23:00<\/strong><\/p>\n<p><a href=\"http:\/\/emlekpont.hu\/wp-content\/uploads\/2022\/06\/20220625_MuzEj_HMV_programok-PLAKAT_-1.jpg\"><b>M\u00fazeumok \u00c9jszak\u00e1ja 2022<\/b><\/a><\/p>\n<p>2021. okt\u00f3ber 21-28.<\/p>\n<p><strong><a href=\"http:\/\/emlekpont.hu\/wp-content\/uploads\/2021\/10\/20210121-28_NemzetiEmlekezetHete2021-Emlekpont-PLAKAT.jpg\">Nemzeti Eml\u00e9kezet Hete<\/a><br \/>\n<\/strong><\/p>\n<p>Az 1956-os forradalom \u00e9s szabads\u00e1gharc 65. \u00e9vfordul\u00f3j\u00e1hoz kapcsol\u00f3d\u00f3 rendezv\u00e9nysorozat.<\/p>\n<p><strong>2021. okt\u00f3ber 28. cs\u00fct\u00f6rt\u00f6k 18:00<\/strong><\/p>\n<p><strong><a href=\"http:\/\/emlekpont.hu\/wp-content\/uploads\/2021\/10\/20211028_NEH_Konyvbemutato-HamvasEndre_csanadi_puspok-MEGHIVO.jpg\">Hamvas Endre (1891-1970) csan\u00e1di p\u00fcsp\u00f6k \u00e9letrajza<\/a><br \/>\n<\/strong><\/p>\n<p>P\u00e1link\u00f3 M\u00e1t\u00e9 k\u00f6nyv\u00e9nek bemutat\u00f3ja<\/p>\n<p><strong>2021. okt\u00f3ber 26. kedd 17:00<\/strong><\/p>\n<p><strong><a href=\"http:\/\/emlekpont.hu\/wp-content\/uploads\/2021\/10\/20211026_NEH_Konyvbemutato-Nepbirosagok-MEGHIVO.jpg\">N\u00e9pb\u00edr\u00f3s\u00e1gok el\u00e9 \u00e1ll\u00edtott h\u00f3dmez\u0151v\u00e1s\u00e1rhelyiek 1945 \u00e9s 1949 k\u00f6z\u00f6tt<\/a><br \/>\n<\/strong><\/p>\n<p>Az Eml\u00e9kpont K\u00f6nyvek 17-18. k\u00f6teteinek bemutat\u00f3ja<\/p>\n<p><strong>2021. szeptember 30.-okt\u00f3ber 1.<\/strong><\/p>\n<p><a href=\"http:\/\/emlekpont.hu\/wp-content\/uploads\/2021\/09\/JUBILEUM_TSZE_MEGHIVO_KONFERENCIA_10010_Hodmezovasarhely_2021.09.30-10.01.pdf\"><strong>Sz\u00e1z plusz T\u00edz<\/strong><\/a><\/p>\n<p>Eml\u00e9kez\u00e9s a 100 \u00e9ve sz\u00fcletett T\u00e1rk\u00e1ny Sz\u00fccs Ern\u0151 jogtud\u00f3sra, n\u00e9prajzkutat\u00f3ra \u00e9s jubileumi konferencia a Kutat\u00f3csoport megalakul\u00e1s\u00e1nak 10. \u00e9vfordul\u00f3j\u00e1n.<\/p>\n","protected":false},"excerpt":{"rendered":"<p>Programok 2025. m\u00e1jus 22. kedd 17:00 Az alkot\u00f3 szabads\u00e1ga M\u0171v\u00e9szek szovjet fogs\u00e1gban c\u00edm\u0171 konferenciak\u00f6tet bemutat\u00f3ja 2025. m\u00e1jus 22. kedd 17:00 Szembes\u00edt\u00e9s Rendhagy\u00f3 fot\u00f3ki\u00e1ll\u00edt\u00e1s megnyit\u00f3ja a m\u00e9g \u00e9l\u0151 GUL\u00c1G-GUPVI tan\u00fakr\u00f3l 2025. m\u00e1jus 15. cs\u00fct\u00f6rt\u00f6k 17:00 A nagyhatalmak \u00e9s Magyarorsz\u00e1g a 20. sz\u00e1zadban Romsics Ign\u00e1c Sz\u00e9chenyi-d\u00edjas t\u00f6rt\u00e9n\u00e9sz, akad\u00e9mikus szerz\u0151i k\u00f6nyvbemutat\u00f3ja 2025. m\u00e1jus 7. szerda 15:00 V\u00e1rosi t\u00f6rt\u00e9nelemverseny [&hellip;]<\/p>\n","protected":false},"author":5,"featured_media":0,"parent":0,"menu_order":0,"comment_status":"closed","ping_status":"closed","template":"","meta":{"footnotes":""},"_links":{"self":[{"href":"https:\/\/emlekpont.hu\/index.php?rest_route=\/wp\/v2\/pages\/899"}],"collection":[{"href":"https:\/\/emlekpont.hu\/index.php?rest_route=\/wp\/v2\/pages"}],"about":[{"href":"https:\/\/emlekpont.hu\/index.php?rest_route=\/wp\/v2\/types\/page"}],"author":[{"embeddable":true,"href":"https:\/\/emlekpont.hu\/index.php?rest_route=\/wp\/v2\/users\/5"}],"replies":[{"embeddable":true,"href":"https:\/\/emlekpont.hu\/index.php?rest_route=%2Fwp%2Fv2%2Fcomments&post=899"}],"version-history":[{"count":78,"href":"https:\/\/emlekpont.hu\/index.php?rest_route=\/wp\/v2\/pages\/899\/revisions"}],"predecessor-version":[{"id":17468,"href":"https:\/\/emlekpont.hu\/index.php?rest_route=\/wp\/v2\/pages\/899\/revisions\/17468"}],"wp:attachment":[{"href":"https:\/\/emlekpont.hu\/index.php?rest_route=%2Fwp%2Fv2%2Fmedia&parent=899"}],"curies":[{"name":"wp","href":"https:\/\/api.w.org\/{rel}","templated":true}]}}